{"id":24705,"date":"2022-06-26T17:46:42","date_gmt":"2022-06-26T17:46:42","guid":{"rendered":"https:\/\/ccare.aegean.gr\/?page_id=24705"},"modified":"2023-04-19T07:53:23","modified_gmt":"2023-04-19T07:53:23","slug":"projektpartner","status":"publish","type":"page","link":"https:\/\/ccare.aegean.gr\/de\/projektpartner\/","title":{"rendered":"Projektpartner"},"content":{"rendered":"\t\t<div data-elementor-type=\"wp-page\" data-elementor-id=\"24705\" class=\"elementor elementor-24705 elementor-214\" data-elementor-post-type=\"page\">\n\t\t\t\t\t\t<section class=\"elementor-section elementor-top-section elementor-element elementor-element-5d8665f6 elementor-section-content-middle elementor-section-full_width elementor-reverse-mobile elementor-reverse-tablet elementor-section-height-default elementor-section-height-default\" data-id=\"5d8665f6\" data-element_type=\"section\" data-e-type=\"section\" data-settings=\"{&quot;background_background&quot;:&quot;classic&quot;}\">\n\t\t\t\t\t\t<div class=\"elementor-container elementor-column-gap-no\">\n\t\t\t\t\t<div class=\"elementor-column elementor-col-50 elementor-top-column elementor-element elementor-element-5b458e56\" data-id=\"5b458e56\" data-element_type=\"column\" data-e-type=\"column\">\n\t\t\t<div class=\"elementor-widget-wrap elementor-element-populated\">\n\t\t\t\t\t\t<div class=\"elementor-element elementor-element-544b492 elementor-widget__width-inherit elementor-widget elementor-widget-hotspot\" data-id=\"544b492\" data-element_type=\"widget\" data-e-type=\"widget\" data-settings=\"{&quot;hotspot&quot;:[{&quot;_id&quot;:&quot;475c569&quot;,&quot;hotspot_label&quot;:&quot;Stuttgart, Deutschland&quot;,&quot;hotspot_icon&quot;:{&quot;value&quot;:&quot;fas fa-dot-circle&quot;,&quot;library&quot;:&quot;fa-solid&quot;},&quot;hotspot_icon_position&quot;:&quot;end&quot;,&quot;hotspot_custom_size&quot;:&quot;&quot;,&quot;hotspot_offset_x&quot;:{&quot;unit&quot;:&quot;%&quot;,&quot;size&quot;:41,&quot;sizes&quot;:[]},&quot;hotspot_offset_y&quot;:{&quot;unit&quot;:&quot;%&quot;,&quot;size&quot;:64,&quot;sizes&quot;:[]},&quot;hotspot_tooltip_content&quot;:&quot;&quot;,&quot;__dynamic__&quot;:null,&quot;hotspot_link&quot;:{&quot;url&quot;:&quot;&quot;,&quot;is_external&quot;:&quot;&quot;,&quot;nofollow&quot;:&quot;&quot;,&quot;custom_attributes&quot;:&quot;&quot;},&quot;hotspot_icon_spacing&quot;:{&quot;unit&quot;:&quot;px&quot;,&quot;size&quot;:&quot;5&quot;,&quot;sizes&quot;:[]},&quot;hotspot_width&quot;:null,&quot;hotspot_height&quot;:null,&quot;hotspot_horizontal&quot;:&quot;left&quot;,&quot;hotspot_offset_x_tablet&quot;:{&quot;unit&quot;:&quot;px&quot;,&quot;size&quot;:&quot;&quot;,&quot;sizes&quot;:[]},&quot;hotspot_offset_x_mobile&quot;:{&quot;unit&quot;:&quot;px&quot;,&quot;size&quot;:&quot;&quot;,&quot;sizes&quot;:[]},&quot;hotspot_vertical&quot;:&quot;top&quot;,&quot;hotspot_offset_y_tablet&quot;:{&quot;unit&quot;:&quot;px&quot;,&quot;size&quot;:&quot;&quot;,&quot;sizes&quot;:[]},&quot;hotspot_offset_y_mobile&quot;:{&quot;unit&quot;:&quot;px&quot;,&quot;size&quot;:&quot;&quot;,&quot;sizes&quot;:[]},&quot;hotspot_tooltip_position&quot;:&quot;no&quot;,&quot;hotspot_position&quot;:null,&quot;hotspot_position_tablet&quot;:null,&quot;hotspot_position_mobile&quot;:null,&quot;hotspot_tooltip_width&quot;:null,&quot;hotspot_tooltip_width_tablet&quot;:null,&quot;hotspot_tooltip_width_mobile&quot;:null,&quot;hotspot_tooltip_text_wrap&quot;:null},{&quot;hotspot_label&quot;:&quot;Linz, \\u00d6sterreich&quot;,&quot;hotspot_icon&quot;:{&quot;value&quot;:&quot;fas fa-dot-circle&quot;,&quot;library&quot;:&quot;fa-solid&quot;},&quot;hotspot_custom_size&quot;:&quot;&quot;,&quot;hotspot_offset_x&quot;:{&quot;unit&quot;:&quot;%&quot;,&quot;size&quot;:64.5,&quot;sizes&quot;:[]},&quot;hotspot_offset_y&quot;:{&quot;unit&quot;:&quot;%&quot;,&quot;size&quot;:68,&quot;sizes&quot;:[]},&quot;_id&quot;:&quot;62518fc&quot;,&quot;hotspot_tooltip_content&quot;:&quot;&quot;,&quot;__dynamic__&quot;:null,&quot;hotspot_link&quot;:{&quot;url&quot;:&quot;&quot;,&quot;is_external&quot;:&quot;&quot;,&quot;nofollow&quot;:&quot;&quot;,&quot;custom_attributes&quot;:&quot;&quot;},&quot;hotspot_icon_position&quot;:&quot;start&quot;,&quot;hotspot_icon_spacing&quot;:{&quot;unit&quot;:&quot;px&quot;,&quot;size&quot;:&quot;5&quot;,&quot;sizes&quot;:[]},&quot;hotspot_width&quot;:null,&quot;hotspot_height&quot;:null,&quot;hotspot_horizontal&quot;:&quot;left&quot;,&quot;hotspot_offset_x_tablet&quot;:{&quot;unit&quot;:&quot;px&quot;,&quot;size&quot;:&quot;&quot;,&quot;sizes&quot;:[]},&quot;hotspot_offset_x_mobile&quot;:{&quot;unit&quot;:&quot;px&quot;,&quot;size&quot;:&quot;&quot;,&quot;sizes&quot;:[]},&quot;hotspot_vertical&quot;:&quot;top&quot;,&quot;hotspot_offset_y_tablet&quot;:{&quot;unit&quot;:&quot;px&quot;,&quot;size&quot;:&quot;&quot;,&quot;sizes&quot;:[]},&quot;hotspot_offset_y_mobile&quot;:{&quot;unit&quot;:&quot;px&quot;,&quot;size&quot;:&quot;&quot;,&quot;sizes&quot;:[]},&quot;hotspot_tooltip_position&quot;:&quot;no&quot;,&quot;hotspot_position&quot;:null,&quot;hotspot_position_tablet&quot;:null,&quot;hotspot_position_mobile&quot;:null,&quot;hotspot_tooltip_width&quot;:null,&quot;hotspot_tooltip_width_tablet&quot;:null,&quot;hotspot_tooltip_width_mobile&quot;:null,&quot;hotspot_tooltip_text_wrap&quot;:null},{&quot;hotspot_label&quot;:&quot;Ancona, Italien&quot;,&quot;hotspot_icon&quot;:{&quot;value&quot;:&quot;fas fa-dot-circle&quot;,&quot;library&quot;:&quot;fa-solid&quot;},&quot;hotspot_icon_position&quot;:&quot;end&quot;,&quot;hotspot_custom_size&quot;:&quot;&quot;,&quot;hotspot_offset_x&quot;:{&quot;unit&quot;:&quot;%&quot;,&quot;size&quot;:52,&quot;sizes&quot;:[]},&quot;hotspot_offset_y&quot;:{&quot;unit&quot;:&quot;%&quot;,&quot;size&quot;:77,&quot;sizes&quot;:[]},&quot;_id&quot;:&quot;18e2947&quot;,&quot;hotspot_tooltip_content&quot;:&quot;&quot;,&quot;__dynamic__&quot;:null,&quot;hotspot_link&quot;:{&quot;url&quot;:&quot;&quot;,&quot;is_external&quot;:&quot;&quot;,&quot;nofollow&quot;:&quot;&quot;,&quot;custom_attributes&quot;:&quot;&quot;},&quot;hotspot_icon_spacing&quot;:{&quot;unit&quot;:&quot;px&quot;,&quot;size&quot;:&quot;5&quot;,&quot;sizes&quot;:[]},&quot;hotspot_width&quot;:null,&quot;hotspot_height&quot;:null,&quot;hotspot_horizontal&quot;:&quot;left&quot;,&quot;hotspot_offset_x_tablet&quot;:{&quot;unit&quot;:&quot;px&quot;,&quot;size&quot;:&quot;&quot;,&quot;sizes&quot;:[]},&quot;hotspot_offset_x_mobile&quot;:{&quot;unit&quot;:&quot;px&quot;,&quot;size&quot;:&quot;&quot;,&quot;sizes&quot;:[]},&quot;hotspot_vertical&quot;:&quot;top&quot;,&quot;hotspot_offset_y_tablet&quot;:{&quot;unit&quot;:&quot;px&quot;,&quot;size&quot;:&quot;&quot;,&quot;sizes&quot;:[]},&quot;hotspot_offset_y_mobile&quot;:{&quot;unit&quot;:&quot;px&quot;,&quot;size&quot;:&quot;&quot;,&quot;sizes&quot;:[]},&quot;hotspot_tooltip_position&quot;:&quot;no&quot;,&quot;hotspot_position&quot;:null,&quot;hotspot_position_tablet&quot;:null,&quot;hotspot_position_mobile&quot;:null,&quot;hotspot_tooltip_width&quot;:null,&quot;hotspot_tooltip_width_tablet&quot;:null,&quot;hotspot_tooltip_width_mobile&quot;:null,&quot;hotspot_tooltip_text_wrap&quot;:null},{&quot;hotspot_label&quot;:&quot;Patras, Griechenland&quot;,&quot;hotspot_icon&quot;:{&quot;value&quot;:&quot;fas fa-dot-circle&quot;,&quot;library&quot;:&quot;fa-solid&quot;},&quot;hotspot_icon_position&quot;:&quot;end&quot;,&quot;hotspot_custom_size&quot;:&quot;&quot;,&quot;hotspot_offset_x&quot;:{&quot;unit&quot;:&quot;%&quot;,&quot;size&quot;:64,&quot;sizes&quot;:[]},&quot;hotspot_offset_y&quot;:{&quot;unit&quot;:&quot;%&quot;,&quot;size&quot;:91,&quot;sizes&quot;:[]},&quot;_id&quot;:&quot;b42691d&quot;,&quot;hotspot_tooltip_content&quot;:&quot;&quot;,&quot;__dynamic__&quot;:null,&quot;hotspot_link&quot;:{&quot;url&quot;:&quot;&quot;,&quot;is_external&quot;:&quot;&quot;,&quot;nofollow&quot;:&quot;&quot;,&quot;custom_attributes&quot;:&quot;&quot;},&quot;hotspot_icon_spacing&quot;:{&quot;unit&quot;:&quot;px&quot;,&quot;size&quot;:&quot;5&quot;,&quot;sizes&quot;:[]},&quot;hotspot_width&quot;:null,&quot;hotspot_height&quot;:null,&quot;hotspot_horizontal&quot;:&quot;left&quot;,&quot;hotspot_offset_x_tablet&quot;:{&quot;unit&quot;:&quot;px&quot;,&quot;size&quot;:&quot;&quot;,&quot;sizes&quot;:[]},&quot;hotspot_offset_x_mobile&quot;:{&quot;unit&quot;:&quot;px&quot;,&quot;size&quot;:&quot;&quot;,&quot;sizes&quot;:[]},&quot;hotspot_vertical&quot;:&quot;top&quot;,&quot;hotspot_offset_y_tablet&quot;:{&quot;unit&quot;:&quot;px&quot;,&quot;size&quot;:&quot;&quot;,&quot;sizes&quot;:[]},&quot;hotspot_offset_y_mobile&quot;:{&quot;unit&quot;:&quot;px&quot;,&quot;size&quot;:&quot;&quot;,&quot;sizes&quot;:[]},&quot;hotspot_tooltip_position&quot;:&quot;no&quot;,&quot;hotspot_position&quot;:null,&quot;hotspot_position_tablet&quot;:null,&quot;hotspot_position_mobile&quot;:null,&quot;hotspot_tooltip_width&quot;:null,&quot;hotspot_tooltip_width_tablet&quot;:null,&quot;hotspot_tooltip_width_mobile&quot;:null,&quot;hotspot_tooltip_text_wrap&quot;:null},{&quot;hotspot_label&quot;:&quot;Athen, Griechenland&quot;,&quot;hotspot_icon&quot;:{&quot;value&quot;:&quot;fas fa-dot-circle&quot;,&quot;library&quot;:&quot;fa-solid&quot;},&quot;hotspot_custom_size&quot;:&quot;&quot;,&quot;hotspot_offset_x&quot;:{&quot;unit&quot;:&quot;%&quot;,&quot;size&quot;:82,&quot;sizes&quot;:[]},&quot;hotspot_offset_y&quot;:{&quot;unit&quot;:&quot;%&quot;,&quot;size&quot;:89.5,&quot;sizes&quot;:[]},&quot;_id&quot;:&quot;37db6a7&quot;,&quot;hotspot_tooltip_content&quot;:&quot;&quot;,&quot;__dynamic__&quot;:null,&quot;hotspot_link&quot;:{&quot;url&quot;:&quot;&quot;,&quot;is_external&quot;:&quot;&quot;,&quot;nofollow&quot;:&quot;&quot;,&quot;custom_attributes&quot;:&quot;&quot;},&quot;hotspot_icon_position&quot;:&quot;start&quot;,&quot;hotspot_icon_spacing&quot;:{&quot;unit&quot;:&quot;px&quot;,&quot;size&quot;:&quot;5&quot;,&quot;sizes&quot;:[]},&quot;hotspot_width&quot;:null,&quot;hotspot_height&quot;:null,&quot;hotspot_horizontal&quot;:&quot;left&quot;,&quot;hotspot_offset_x_tablet&quot;:{&quot;unit&quot;:&quot;px&quot;,&quot;size&quot;:&quot;&quot;,&quot;sizes&quot;:[]},&quot;hotspot_offset_x_mobile&quot;:{&quot;unit&quot;:&quot;px&quot;,&quot;size&quot;:&quot;&quot;,&quot;sizes&quot;:[]},&quot;hotspot_vertical&quot;:&quot;top&quot;,&quot;hotspot_offset_y_tablet&quot;:{&quot;unit&quot;:&quot;px&quot;,&quot;size&quot;:&quot;&quot;,&quot;sizes&quot;:[]},&quot;hotspot_offset_y_mobile&quot;:{&quot;unit&quot;:&quot;px&quot;,&quot;size&quot;:&quot;&quot;,&quot;sizes&quot;:[]},&quot;hotspot_tooltip_position&quot;:&quot;no&quot;,&quot;hotspot_position&quot;:null,&quot;hotspot_position_tablet&quot;:null,&quot;hotspot_position_mobile&quot;:null,&quot;hotspot_tooltip_width&quot;:null,&quot;hotspot_tooltip_width_tablet&quot;:null,&quot;hotspot_tooltip_width_mobile&quot;:null,&quot;hotspot_tooltip_text_wrap&quot;:null}],&quot;hotspot_sequenced_animation&quot;:&quot;yes&quot;,&quot;tooltip_position&quot;:&quot;right&quot;,&quot;tooltip_trigger&quot;:&quot;mouseenter&quot;,&quot;hotspot_sequenced_animation_duration&quot;:{&quot;unit&quot;:&quot;px&quot;,&quot;size&quot;:&quot;&quot;,&quot;sizes&quot;:[]},&quot;tooltip_animation&quot;:&quot;e-hotspot--fade-in-out&quot;}\" data-widget_type=\"hotspot.default\">\n\t\t\t\t<div class=\"elementor-widget-container\">\n\t\t\t\t\t<img decoding=\"async\" src=\"https:\/\/simplemaps.com\/static\/demos\/resources\/\/svg-library\/svgs\/europe.svg\" title=\"\" alt=\"europe\" loading=\"lazy\" \/>\n\t\t\t\t\t\t<div class=\"e-hotspot elementor-repeater-item-475c569 e-hotspot--sequenced e-hotspot--position-left e-hotspot--position-top  \">\n\n\t\t\t\t\t\t\t\t<div class=\"e-hotspot__button e-hotspot--expand\">\n\t\t\t\t\t\t\t\t\t\t\t\t\t\t\t\t\t\t<div class=\"e-hotspot__icon\"><i class=\"fas fa-dot-circle\"><\/i><\/div>\n\t\t\t\t\t\t\t\t\t\t\t\t\t\t\t\t\t\t\t<div class=\"e-hotspot__label\">Stuttgart, Deutschland<\/div>\n\t\t\t\t\t\t\t\t\t\t\t\t\t\t\t<\/div>\n\n\t\t\t\t\t\t\t\t\n\t\t\t<\/div>\n\n\t\n\t\t\t\t\t\t<div class=\"e-hotspot elementor-repeater-item-62518fc e-hotspot--sequenced e-hotspot--position-left e-hotspot--position-top  \">\n\n\t\t\t\t\t\t\t\t<div class=\"e-hotspot__button e-hotspot--expand\">\n\t\t\t\t\t\t\t\t\t\t\t\t\t\t\t\t\t\t<div class=\"e-hotspot__icon\"><i class=\"fas fa-dot-circle\"><\/i><\/div>\n\t\t\t\t\t\t\t\t\t\t\t\t\t\t\t\t\t\t\t<div class=\"e-hotspot__label\">Linz, \u00d6sterreich<\/div>\n\t\t\t\t\t\t\t\t\t\t\t\t\t\t\t<\/div>\n\n\t\t\t\t\t\t\t\t\n\t\t\t<\/div>\n\n\t\n\t\t\t\t\t\t<div class=\"e-hotspot elementor-repeater-item-18e2947 e-hotspot--sequenced e-hotspot--position-left e-hotspot--position-top  \">\n\n\t\t\t\t\t\t\t\t<div class=\"e-hotspot__button e-hotspot--expand\">\n\t\t\t\t\t\t\t\t\t\t\t\t\t\t\t\t\t\t<div class=\"e-hotspot__icon\"><i class=\"fas fa-dot-circle\"><\/i><\/div>\n\t\t\t\t\t\t\t\t\t\t\t\t\t\t\t\t\t\t\t<div class=\"e-hotspot__label\">Ancona, Italien<\/div>\n\t\t\t\t\t\t\t\t\t\t\t\t\t\t\t<\/div>\n\n\t\t\t\t\t\t\t\t\n\t\t\t<\/div>\n\n\t\n\t\t\t\t\t\t<div class=\"e-hotspot elementor-repeater-item-b42691d e-hotspot--sequenced e-hotspot--position-left e-hotspot--position-top  \">\n\n\t\t\t\t\t\t\t\t<div class=\"e-hotspot__button e-hotspot--expand\">\n\t\t\t\t\t\t\t\t\t\t\t\t\t\t\t\t\t\t<div class=\"e-hotspot__icon\"><i class=\"fas fa-dot-circle\"><\/i><\/div>\n\t\t\t\t\t\t\t\t\t\t\t\t\t\t\t\t\t\t\t<div class=\"e-hotspot__label\">Patras, Griechenland<\/div>\n\t\t\t\t\t\t\t\t\t\t\t\t\t\t\t<\/div>\n\n\t\t\t\t\t\t\t\t\n\t\t\t<\/div>\n\n\t\n\t\t\t\t\t\t<div class=\"e-hotspot elementor-repeater-item-37db6a7 e-hotspot--sequenced e-hotspot--position-left e-hotspot--position-top  \">\n\n\t\t\t\t\t\t\t\t<div class=\"e-hotspot__button e-hotspot--expand\">\n\t\t\t\t\t\t\t\t\t\t\t\t\t\t\t\t\t\t<div class=\"e-hotspot__icon\"><i class=\"fas fa-dot-circle\"><\/i><\/div>\n\t\t\t\t\t\t\t\t\t\t\t\t\t\t\t\t\t\t\t<div class=\"e-hotspot__label\">Athen, Griechenland<\/div>\n\t\t\t\t\t\t\t\t\t\t\t\t\t\t\t<\/div>\n\n\t\t\t\t\t\t\t\t\n\t\t\t<\/div>\n\n\t\n\t\t\t\t\t\t<\/div>\n\t\t\t\t<\/div>\n\t\t\t\t\t<\/div>\n\t\t<\/div>\n\t\t\t\t<div class=\"elementor-column elementor-col-50 elementor-top-column elementor-element elementor-element-443ee97d\" data-id=\"443ee97d\" data-element_type=\"column\" data-e-type=\"column\">\n\t\t\t<div class=\"elementor-widget-wrap elementor-element-populated\">\n\t\t\t\t\t\t<div class=\"elementor-element elementor-element-165fb30b elementor-widget elementor-widget-heading\" data-id=\"165fb30b\" data-element_type=\"widget\" data-e-type=\"widget\" data-widget_type=\"heading.default\">\n\t\t\t\t<div class=\"elementor-widget-container\">\n\t\t\t\t\t<h1 class=\"elementor-heading-title elementor-size-default\">\u00dcber uns<\/h1>\t\t\t\t<\/div>\n\t\t\t\t<\/div>\n\t\t\t\t<div class=\"elementor-element elementor-element-50f0a824 elementor-widget elementor-widget-text-editor\" data-id=\"50f0a824\" data-element_type=\"widget\" data-e-type=\"widget\" data-widget_type=\"text-editor.default\">\n\t\t\t\t<div class=\"elementor-widget-container\">\n\t\t\t\t\t\t\t\t\t<p>6 Partner in 4 europ\u00e4ischen L\u00e4ndern<\/p>\t\t\t\t\t\t\t\t<\/div>\n\t\t\t\t<\/div>\n\t\t\t\t\t<\/div>\n\t\t<\/div>\n\t\t\t\t\t<\/div>\n\t\t<\/section>\n\t\t\t\t<section class=\"elementor-section elementor-top-section elementor-element elementor-element-3e9e537f elementor-section-content-middle elementor-section-full_width elementor-section-height-default elementor-section-height-default\" data-id=\"3e9e537f\" data-element_type=\"section\" data-e-type=\"section\" data-settings=\"{&quot;background_background&quot;:&quot;classic&quot;}\">\n\t\t\t\t\t\t<div class=\"elementor-container elementor-column-gap-no\">\n\t\t\t\t\t<div class=\"elementor-column elementor-col-50 elementor-top-column elementor-element elementor-element-2121c843\" data-id=\"2121c843\" data-element_type=\"column\" data-e-type=\"column\">\n\t\t\t<div class=\"elementor-widget-wrap elementor-element-populated\">\n\t\t\t\t\t\t<div class=\"elementor-element elementor-element-29966696 elementor-widget elementor-widget-heading\" data-id=\"29966696\" data-element_type=\"widget\" data-e-type=\"widget\" data-widget_type=\"heading.default\">\n\t\t\t\t<div class=\"elementor-widget-container\">\n\t\t\t\t\t<h2 class=\"elementor-heading-title elementor-size-default\">Duale Hochschule Baden-W\u00fcrttemberg<\/h2>\t\t\t\t<\/div>\n\t\t\t\t<\/div>\n\t\t\t\t<div class=\"elementor-element elementor-element-78a752 elementor-widget elementor-widget-text-editor\" data-id=\"78a752\" data-element_type=\"widget\" data-e-type=\"widget\" data-widget_type=\"text-editor.default\">\n\t\t\t\t<div class=\"elementor-widget-container\">\n\t\t\t\t\t\t\t\t\t<p><span>Die Duale Hochschule Baden-W\u00fcrttemberg (DHBW) ist die erste Hochschule in Deutschland, die Praxiserfahrung und Studium verbindet und damit eine enge Verzahnung von Theorie und Praxis, als Komponenten der kooperativen Bildung, erreicht. Mit rund 34.000 eingeschriebenen Studierenden, \u00fcber 9.000 Partnerunternehmen und mehr als 145.000 Absolventen z\u00e4hlt die DHBW zu den gr\u00f6\u00dften Hochschulen des Bundeslandes Baden-W\u00fcrttemberg.<\/span><\/p>\t\t\t\t\t\t\t\t<\/div>\n\t\t\t\t<\/div>\n\t\t\t\t\t<\/div>\n\t\t<\/div>\n\t\t\t\t<div class=\"elementor-column elementor-col-50 elementor-top-column elementor-element elementor-element-742eed7c\" data-id=\"742eed7c\" data-element_type=\"column\" data-e-type=\"column\">\n\t\t\t<div class=\"elementor-widget-wrap elementor-element-populated\">\n\t\t\t\t\t\t<div class=\"elementor-element elementor-element-366950c8 elementor-widget elementor-widget-image\" data-id=\"366950c8\" data-element_type=\"widget\" data-e-type=\"widget\" data-widget_type=\"image.default\">\n\t\t\t\t<div class=\"elementor-widget-container\">\n\t\t\t\t\t\t\t\t\t\t\t\t\t\t\t<img decoding=\"async\" src=\"https:\/\/ccare.aegean.gr\/wp-content\/uploads\/2022\/07\/DHBW-1024x428-1.png\" title=\"\" alt=\"\" loading=\"lazy\" \/>\t\t\t\t\t\t\t\t\t\t\t\t\t\t\t<\/div>\n\t\t\t\t<\/div>\n\t\t\t\t\t<\/div>\n\t\t<\/div>\n\t\t\t\t\t<\/div>\n\t\t<\/section>\n\t\t\t\t<section class=\"elementor-section elementor-top-section elementor-element elementor-element-76cc322f elementor-section-content-middle elementor-section-full_width elementor-reverse-mobile elementor-section-height-default elementor-section-height-default\" data-id=\"76cc322f\" data-element_type=\"section\" data-e-type=\"section\" data-settings=\"{&quot;background_background&quot;:&quot;classic&quot;}\">\n\t\t\t\t\t\t<div class=\"elementor-container elementor-column-gap-no\">\n\t\t\t\t\t<div class=\"elementor-column elementor-col-50 elementor-top-column elementor-element elementor-element-2460cfbc\" data-id=\"2460cfbc\" data-element_type=\"column\" data-e-type=\"column\">\n\t\t\t<div class=\"elementor-widget-wrap elementor-element-populated\">\n\t\t\t\t\t\t<div class=\"elementor-element elementor-element-4f87446 elementor-widget elementor-widget-image\" data-id=\"4f87446\" data-element_type=\"widget\" data-e-type=\"widget\" data-widget_type=\"image.default\">\n\t\t\t\t<div class=\"elementor-widget-container\">\n\t\t\t\t\t\t\t\t\t\t\t\t\t\t\t<img decoding=\"async\" src=\"https:\/\/ccare.aegean.gr\/wp-content\/uploads\/2022\/07\/WW_logo_desc.png\" title=\"\" alt=\"\" loading=\"lazy\" \/>\t\t\t\t\t\t\t\t\t\t\t\t\t\t\t<\/div>\n\t\t\t\t<\/div>\n\t\t\t\t\t<\/div>\n\t\t<\/div>\n\t\t\t\t<div class=\"elementor-column elementor-col-50 elementor-top-column elementor-element elementor-element-1823fae4\" data-id=\"1823fae4\" data-element_type=\"column\" data-e-type=\"column\">\n\t\t\t<div class=\"elementor-widget-wrap elementor-element-populated\">\n\t\t\t\t\t\t<div class=\"elementor-element elementor-element-6baaab76 elementor-widget elementor-widget-heading\" data-id=\"6baaab76\" data-element_type=\"widget\" data-e-type=\"widget\" data-widget_type=\"heading.default\">\n\t\t\t\t<div class=\"elementor-widget-container\">\n\t\t\t\t\t<h2 class=\"elementor-heading-title elementor-size-default\">Wohlfahrtswerk f\u00fcr Baden-W\u00fcrttemberg<\/h2>\t\t\t\t<\/div>\n\t\t\t\t<\/div>\n\t\t\t\t<div class=\"elementor-element elementor-element-17835ed5 elementor-widget elementor-widget-text-editor\" data-id=\"17835ed5\" data-element_type=\"widget\" data-e-type=\"widget\" data-widget_type=\"text-editor.default\">\n\t\t\t\t<div class=\"elementor-widget-container\">\n\t\t\t\t\t\t\t\t\t<p><span>Das Wohlfahrtswerk f\u00fcr Baden-W\u00fcrttemberg ist einer der gr\u00f6\u00dften Dienstleister f\u00fcr Seniorinnen und Senioren in Baden-W\u00fcrttemberg und betreut mit einem Team von 1.500 Mitarbeitenden rund 2.000 \u00e4ltere Menschen. Wir bieten eine Reihe von Wohnformen vom betreuten Wohnen \u00fcber station\u00e4re Wohngemeinschaften, Wohngemeinschaften f\u00fcr \u00e4ltere Menschen und ein Generationenhaus bis hin zu vielf\u00e4ltigen Dienstleistungen rund um das Betreute Wohnen in den eigenen vier W\u00e4nden. Seit mehr als 200 Jahren verfolgen die Stiftung b\u00fcrgerlichen Rechts und ihre Vorg\u00e4ngerinnen zwei grundlegende Aufgaben: die Erhaltung sozialer Dienste und Einrichtungen sowie die F\u00f6rderung und Umsetzung von Innovationen im sozialen Bereich. Es ist Teil unseres Stiftungsauftrags, Innovationen in gesellschaftlichen Bereichen zu f\u00f6rdern und umzusetzen. Mit einer Vielzahl von Pilot-, Forschungs-, Innovations- und Praxisprojekten auf nationaler und europ\u00e4ischer Ebene finden wir neue Antworten auf die sich st\u00e4ndig \u00e4ndernden Lebensgewohnheiten im Alter.<\/span><\/p>\t\t\t\t\t\t\t\t<\/div>\n\t\t\t\t<\/div>\n\t\t\t\t\t<\/div>\n\t\t<\/div>\n\t\t\t\t\t<\/div>\n\t\t<\/section>\n\t\t\t\t<section class=\"elementor-section elementor-top-section elementor-element elementor-element-4a737366 elementor-section-content-middle elementor-section-full_width elementor-section-height-default elementor-section-height-default\" data-id=\"4a737366\" data-element_type=\"section\" data-e-type=\"section\" data-settings=\"{&quot;background_background&quot;:&quot;classic&quot;}\">\n\t\t\t\t\t\t<div class=\"elementor-container elementor-column-gap-no\">\n\t\t\t\t\t<div class=\"elementor-column elementor-col-50 elementor-top-column elementor-element elementor-element-7ca8986b\" data-id=\"7ca8986b\" data-element_type=\"column\" data-e-type=\"column\">\n\t\t\t<div class=\"elementor-widget-wrap elementor-element-populated\">\n\t\t\t\t\t\t<div class=\"elementor-element elementor-element-2ac7aded elementor-widget elementor-widget-heading\" data-id=\"2ac7aded\" data-element_type=\"widget\" data-e-type=\"widget\" data-widget_type=\"heading.default\">\n\t\t\t\t<div class=\"elementor-widget-container\">\n\t\t\t\t\t<h2 class=\"elementor-heading-title elementor-size-default\">COOSS<\/h2>\t\t\t\t<\/div>\n\t\t\t\t<\/div>\n\t\t\t\t<div class=\"elementor-element elementor-element-2664fcb8 elementor-widget elementor-widget-text-editor\" data-id=\"2664fcb8\" data-element_type=\"widget\" data-e-type=\"widget\" data-widget_type=\"text-editor.default\">\n\t\t\t\t<div class=\"elementor-widget-container\">\n\t\t\t\t\t\t\t\t\t<p><span>COOSS ist eine private italienische Non-Profit-Organisation, deren Hauptziel es ist, die Integration benachteiligter Menschen durch die Bereitstellung von Sozial-, Hilfs-, Pflege-, Bildungs- und Ausbildungsdiensten zu unterst\u00fctzen und Interventionen vorzuschlagen, um den unterschiedlichen Bed\u00fcrfnissen der lokalen Gemeinschaft gerecht zu werden. COOSS wurde 1979 gegr\u00fcndet und z\u00e4hlt heute rund 2.900 Mitglieder<\/span><em>innen-Mitarbeiter<\/em><span>innen und bedient mehr als 12.200 Personen, darunter Minderj\u00e4hrige, Jugendliche, \u00e4ltere Menschen, Behinderte, geistig Behinderte, Drogenabh\u00e4ngige und Migranten. Seit 1993 erprobt die Abteilung f\u00fcr Forschung und Ausbildung innovative L\u00f6sungen f\u00fcr die sich abzeichnenden gesellschaftlichen Bed\u00fcrfnisse durch ihre Teilnahme an EU-Projekten und organisiert Ausbildungskurse zur Qualifizierung von Sozialfachkr\u00e4ften. Im Jahr 2000 wurde die Abteilung von der Regionalregierung als Berufsbildungsagentur akkreditiert. Als akkreditierte Berufsbildungsagentur organisiert und verwaltet COOSS seit 2000 Berufsbildungskurse f\u00fcr Sozialberufe in Zusammenarbeit mit den wichtigsten Kommunen und anderen \u00f6ffentlichen Einrichtungen der Region mit dem Ziel, anerkannte Qualifikationen auf regionaler und nationaler Ebene anzubieten; im Jahr 2018 wurden 175 Schulungen sowohl f\u00fcr interne Mitarbeiter*innen als auch f\u00fcr externe Fachkr\u00e4fte realisiert (1.575 Personen wurden f\u00fcr 67.396 Stunden geschult). COOSS ist auch als Besch\u00e4ftigungszentrum der Region Marche akkreditiert und verwaltet die Aktivit\u00e4ten der Jugendgarantie in Bezug auf Ausbildung, Bildung, Besch\u00e4ftigung und F\u00f6rderung des Unternehmertums. COOSS bietet Sozial- und Bildungsdienste in enger Zusammenarbeit mit \u00f6ffentlichen und privaten Organisationen der lokalen Verwaltung und der Region Marche.<\/span><\/p>\t\t\t\t\t\t\t\t<\/div>\n\t\t\t\t<\/div>\n\t\t\t\t\t<\/div>\n\t\t<\/div>\n\t\t\t\t<div class=\"elementor-column elementor-col-50 elementor-top-column elementor-element elementor-element-76521cd1\" data-id=\"76521cd1\" data-element_type=\"column\" data-e-type=\"column\">\n\t\t\t<div class=\"elementor-widget-wrap elementor-element-populated\">\n\t\t\t\t\t\t<div class=\"elementor-element elementor-element-1966d992 elementor-widget elementor-widget-image\" data-id=\"1966d992\" data-element_type=\"widget\" data-e-type=\"widget\" data-widget_type=\"image.default\">\n\t\t\t\t<div class=\"elementor-widget-container\">\n\t\t\t\t\t\t\t\t\t\t\t\t\t\t\t<img fetchpriority=\"high\" decoding=\"async\" width=\"480\" height=\"254\" src=\"https:\/\/ccare.aegean.gr\/wp-content\/uploads\/2022\/07\/COOSS_Logo.png\" class=\"attachment-large size-large wp-image-23627\" alt=\"\" srcset=\"https:\/\/ccare.aegean.gr\/wp-content\/uploads\/2022\/07\/COOSS_Logo.png 480w, https:\/\/ccare.aegean.gr\/wp-content\/uploads\/2022\/07\/COOSS_Logo-300x159.png 300w, https:\/\/ccare.aegean.gr\/wp-content\/uploads\/2022\/07\/COOSS_Logo-50x26.png 50w, https:\/\/ccare.aegean.gr\/wp-content\/uploads\/2022\/07\/COOSS_Logo-100x53.png 100w\" sizes=\"(max-width: 480px) 100vw, 480px\" \/>\t\t\t\t\t\t\t\t\t\t\t\t\t\t\t<\/div>\n\t\t\t\t<\/div>\n\t\t\t\t\t<\/div>\n\t\t<\/div>\n\t\t\t\t\t<\/div>\n\t\t<\/section>\n\t\t\t\t<section class=\"elementor-section elementor-top-section elementor-element elementor-element-cadced5 elementor-section-content-middle elementor-section-full_width elementor-section-height-default elementor-section-height-default\" data-id=\"cadced5\" data-element_type=\"section\" data-e-type=\"section\" data-settings=\"{&quot;background_background&quot;:&quot;classic&quot;}\">\n\t\t\t\t\t\t<div class=\"elementor-container elementor-column-gap-no\">\n\t\t\t\t\t<div class=\"elementor-column elementor-col-50 elementor-top-column elementor-element elementor-element-bf9e57a\" data-id=\"bf9e57a\" data-element_type=\"column\" data-e-type=\"column\">\n\t\t\t<div class=\"elementor-widget-wrap elementor-element-populated\">\n\t\t\t\t\t\t<div class=\"elementor-element elementor-element-e70e872 elementor-widget elementor-widget-image\" data-id=\"e70e872\" data-element_type=\"widget\" data-e-type=\"widget\" data-widget_type=\"image.default\">\n\t\t\t\t<div class=\"elementor-widget-container\">\n\t\t\t\t\t\t\t\t\t\t\t\t\t\t\t<img decoding=\"async\" src=\"https:\/\/www.greenskills4vet.eu\/wp-content\/uploads\/logo-bfi.png\" title=\"\" alt=\"\" loading=\"lazy\" \/>\t\t\t\t\t\t\t\t\t\t\t\t\t\t\t<\/div>\n\t\t\t\t<\/div>\n\t\t\t\t\t<\/div>\n\t\t<\/div>\n\t\t\t\t<div class=\"elementor-column elementor-col-50 elementor-top-column elementor-element elementor-element-26066f8\" data-id=\"26066f8\" data-element_type=\"column\" data-e-type=\"column\">\n\t\t\t<div class=\"elementor-widget-wrap elementor-element-populated\">\n\t\t\t\t\t\t<div class=\"elementor-element elementor-element-b3fc638 elementor-widget elementor-widget-heading\" data-id=\"b3fc638\" data-element_type=\"widget\" data-e-type=\"widget\" data-widget_type=\"heading.default\">\n\t\t\t\t<div class=\"elementor-widget-container\">\n\t\t\t\t\t<h2 class=\"elementor-heading-title elementor-size-default\">BFI<\/h2>\t\t\t\t<\/div>\n\t\t\t\t<\/div>\n\t\t\t\t<div class=\"elementor-element elementor-element-544a96b elementor-widget elementor-widget-text-editor\" data-id=\"544a96b\" data-element_type=\"widget\" data-e-type=\"widget\" data-widget_type=\"text-editor.default\">\n\t\t\t\t<div class=\"elementor-widget-container\">\n\t\t\t\t\t\t\t\t\t<p><span>Das BFI \u2013 Institut f\u00fcr Berufsf\u00f6rderung ist eine ober\u00f6sterreichische Berufsbildungseinrichtung, die den neuen Anforderungen des Arbeitsmarktes des 21. Jahrhunderts gerecht wird. BFI hat sich zu einem Marktf\u00fchrer in allen Varianten des Wiedereinstiegs in den Arbeitsmarkt, des zweiten Bildungswegs und der beruflichen Qualifizierung in Gesundheits-, Sozial- und anderen Dienstleistungsberufen entwickelt. Es bietet ein integriertes Aus- und Weiterbildungsangebot \u00fcber alle Qualifikationsstufen bis hin zu Hochschulabschl\u00fcssen f\u00fcr den beruflichen und berufsbezogenen Einsatz, das sowohl einzelnen Teilnehmerinnen und Teilnehmern an Schulungen oder Seminaren als auch Organisationen, Unternehmen oder Interessensvertretungen einen entscheidenden Vorteil verschafft.<\/span><\/p>\t\t\t\t\t\t\t\t<\/div>\n\t\t\t\t<\/div>\n\t\t\t\t\t<\/div>\n\t\t<\/div>\n\t\t\t\t\t<\/div>\n\t\t<\/section>\n\t\t\t\t<section class=\"elementor-section elementor-top-section elementor-element elementor-element-033fd58 elementor-section-content-middle elementor-section-full_width elementor-section-height-default elementor-section-height-default\" data-id=\"033fd58\" data-element_type=\"section\" data-e-type=\"section\" data-settings=\"{&quot;background_background&quot;:&quot;classic&quot;}\">\n\t\t\t\t\t\t<div class=\"elementor-container elementor-column-gap-no\">\n\t\t\t\t\t<div class=\"elementor-column elementor-col-50 elementor-top-column elementor-element elementor-element-384a668\" data-id=\"384a668\" data-element_type=\"column\" data-e-type=\"column\">\n\t\t\t<div class=\"elementor-widget-wrap elementor-element-populated\">\n\t\t\t\t\t\t<div class=\"elementor-element elementor-element-6500ccb elementor-widget elementor-widget-heading\" data-id=\"6500ccb\" data-element_type=\"widget\" data-e-type=\"widget\" data-widget_type=\"heading.default\">\n\t\t\t\t<div class=\"elementor-widget-container\">\n\t\t\t\t\t<h2 class=\"elementor-heading-title elementor-size-default\">Frontida Zois\u200b<\/h2>\t\t\t\t<\/div>\n\t\t\t\t<\/div>\n\t\t\t\t<div class=\"elementor-element elementor-element-859749b elementor-widget elementor-widget-text-editor\" data-id=\"859749b\" data-element_type=\"widget\" data-e-type=\"widget\" data-widget_type=\"text-editor.default\">\n\t\t\t\t<div class=\"elementor-widget-container\">\n\t\t\t\t\t\t\t\t\t<p><span>\u201eFrontida Zois\u201c ist eine 2007 gegr\u00fcndete private Sozialhilfeeinrichtung mit Sitz in Patras \u2013 Westgriechenland, f\u00fcr die h\u00e4usliche Pflege von sozial schwachen Gruppen (\u00e4ltere Menschen, Behinderte). Das Hauptziel besteht darin, \u00e4lteren Menschen zu helfen, ihr maximales Ma\u00df an Autonomie und Wohlbefinden durch die Bereitstellung von h\u00e4uslichen Pflegediensten (Pflege- und Sozialarbeitsdienste) und verschiedene Initiativen zur F\u00f6rderung des aktiven Alterns, des unabh\u00e4ngigen Lebens und der Selbstbestimmung der Patientinnen und Patienten zu erhalten. Unsere Agentur hat durch die t\u00e4gliche Betreuung \u00e4lterer Menschen wertvolle praktische Erfahrungen in allen Fragen gesammelt, die das t\u00e4gliche Leben betreffen. Wir erbringen mit unseren Pflegekr\u00e4ften und Sozialarbeiter*innen pflegerische (K\u00f6rperpflege, Medikamenteneinnahme, Erstversorgung) und soziale Betreuungsleistungen (psychologische Betreuung, Hilfe beim t\u00e4glichen Leben, Beratung, Umgang mit Rechnungen, Besorgungen) mit dem Ziel die bestm\u00f6gliche Lebensqualit\u00e4t und gutes Altern unserer Beg\u00fcnstigten zu erreichen. In den meisten F\u00e4llen leiden unsere Patientinnen und Patienten an einer chronischen Erkrankung, Gebrechlichkeit, geistiger oder k\u00f6rperlicher Beeintr\u00e4chtigung. \u201eFrontida Zois\u201c verf\u00fcgt \u00fcber hochqualifiziertes Personal aus dem Gesundheits- und Sozialwesen mit Disziplinen wie Sozialarbeit, Psychologie, Pflege, Telematik und Software Engineering.<\/span><\/p>\t\t\t\t\t\t\t\t<\/div>\n\t\t\t\t<\/div>\n\t\t\t\t\t<\/div>\n\t\t<\/div>\n\t\t\t\t<div class=\"elementor-column elementor-col-50 elementor-top-column elementor-element elementor-element-a9306a9\" data-id=\"a9306a9\" data-element_type=\"column\" data-e-type=\"column\">\n\t\t\t<div class=\"elementor-widget-wrap elementor-element-populated\">\n\t\t\t\t\t\t<div class=\"elementor-element elementor-element-2feb8fe elementor-widget elementor-widget-image\" data-id=\"2feb8fe\" data-element_type=\"widget\" data-e-type=\"widget\" data-widget_type=\"image.default\">\n\t\t\t\t<div class=\"elementor-widget-container\">\n\t\t\t\t\t\t\t\t\t\t\t\t\t\t\t<img decoding=\"async\" src=\"https:\/\/ccare.aegean.gr\/wp-content\/uploads\/2022\/07\/frontida_2.png\" title=\"\" alt=\"\" loading=\"lazy\" \/>\t\t\t\t\t\t\t\t\t\t\t\t\t\t\t<\/div>\n\t\t\t\t<\/div>\n\t\t\t\t\t<\/div>\n\t\t<\/div>\n\t\t\t\t\t<\/div>\n\t\t<\/section>\n\t\t\t\t<section class=\"elementor-section elementor-top-section elementor-element elementor-element-04dfed8 elementor-section-content-middle elementor-section-full_width elementor-section-height-default elementor-section-height-default\" data-id=\"04dfed8\" data-element_type=\"section\" data-e-type=\"section\" data-settings=\"{&quot;background_background&quot;:&quot;classic&quot;}\">\n\t\t\t\t\t\t<div class=\"elementor-container elementor-column-gap-no\">\n\t\t\t\t\t<div class=\"elementor-column elementor-col-50 elementor-top-column elementor-element elementor-element-bbdf1fd\" data-id=\"bbdf1fd\" data-element_type=\"column\" data-e-type=\"column\">\n\t\t\t<div class=\"elementor-widget-wrap elementor-element-populated\">\n\t\t\t\t\t\t<div class=\"elementor-element elementor-element-c64b25d elementor-widget elementor-widget-image\" data-id=\"c64b25d\" data-element_type=\"widget\" data-e-type=\"widget\" data-widget_type=\"image.default\">\n\t\t\t\t<div class=\"elementor-widget-container\">\n\t\t\t\t\t\t\t\t\t\t\t\t\t\t\t<img decoding=\"async\" src=\"https:\/\/ccare.aegean.gr\/wp-content\/uploads\/2022\/07\/aegean_.png\" title=\"\" alt=\"\" loading=\"lazy\" \/>\t\t\t\t\t\t\t\t\t\t\t\t\t\t\t<\/div>\n\t\t\t\t<\/div>\n\t\t\t\t\t<\/div>\n\t\t<\/div>\n\t\t\t\t<div class=\"elementor-column elementor-col-50 elementor-top-column elementor-element elementor-element-55b08d3\" data-id=\"55b08d3\" data-element_type=\"column\" data-e-type=\"column\">\n\t\t\t<div class=\"elementor-widget-wrap elementor-element-populated\">\n\t\t\t\t\t\t<div class=\"elementor-element elementor-element-b357c41 elementor-widget elementor-widget-heading\" data-id=\"b357c41\" data-element_type=\"widget\" data-e-type=\"widget\" data-widget_type=\"heading.default\">\n\t\t\t\t<div class=\"elementor-widget-container\">\n\t\t\t\t\t<h2 class=\"elementor-heading-title elementor-size-default\">University of the Aegean (UAegean)<\/h2>\t\t\t\t<\/div>\n\t\t\t\t<\/div>\n\t\t\t\t<div class=\"elementor-element elementor-element-7b317ee elementor-widget elementor-widget-text-editor\" data-id=\"7b317ee\" data-element_type=\"widget\" data-e-type=\"widget\" data-widget_type=\"text-editor.default\">\n\t\t\t\t<div class=\"elementor-widget-container\">\n\t\t\t\t\t\t\t\t\t<p><span>Die University of the Aegean (UAegean) wurde 1984 mit dem Ziel gegr\u00fcndet, neue Ans\u00e4tze in der Hochschulbildung in Griechenland und weltweit einzuf\u00fchren und die regionale Entwicklung zu f\u00f6rdern. Auf 6 malerischen Inseln des \u00c4g\u00e4ischen Archipels gelegen, bietet es ein einzigartiges Natur-, kulturelles und menschliches Umfeld f\u00fcr moderne Studien in der alten Wiege des Wissens. In weniger als drei\u00dfig Jahren hat sich die UAegean zu einer internationalen, forschungsorientierten Universit\u00e4t entwickelt, die 18 Bachelor- (BA oder BSc) und 40 Master- (MA oder MSc) Programme in modernen interdisziplin\u00e4ren Themenbereichen wie Umwelt, Kommunikationssysteme, Kulturinformatik und Produktdesign, Lebensmittel- und Ern\u00e4hrungswissenschaften, Bildungsdesign und Mittelmeerstudien anbietet. Dar\u00fcber hinaus hat die UAegean gemeinsame internationale Masterprogramme (z. B. in Biodiversit\u00e4t, Umweltpolitik und -management, Europ\u00e4ische Integration) sowie gemeinsame PhD-Studieng\u00e4nge in einer Vielzahl von Themenbereichen eingerichtet.<\/span><\/p>\t\t\t\t\t\t\t\t<\/div>\n\t\t\t\t<\/div>\n\t\t\t\t\t<\/div>\n\t\t<\/div>\n\t\t\t\t\t<\/div>\n\t\t<\/section>\n\t\t\t\t<\/div>\n\t\t","protected":false},"excerpt":{"rendered":"<p>Stuttgart, Deutschland Linz, \u00d6sterreich Ancona, Italien Patras, Griechenland Athen, Griechenland \u00dcber uns 6 Partner in 4 europ\u00e4ischen L\u00e4ndern Duale Hochschule Baden-W\u00fcrttemberg Die Duale Hochschule Baden-W\u00fcrttemberg (DHBW) ist die erste Hochschule in Deutschland, die Praxiserfahrung und Studium verbindet und damit eine enge Verzahnung von Theorie und Praxis, als Komponenten der kooperativen Bildung, erreicht. Mit rund 34.000 [&hellip;]<\/p>\n","protected":false},"author":1,"featured_media":0,"parent":0,"menu_order":0,"comment_status":"closed","ping_status":"closed","template":"","meta":{"_bbp_topic_count":0,"_bbp_reply_count":0,"_bbp_total_topic_count":0,"_bbp_total_reply_count":0,"_bbp_voice_count":0,"_bbp_anonymous_reply_count":0,"_bbp_topic_count_hidden":0,"_bbp_reply_count_hidden":0,"_bbp_forum_subforum_count":0,"_monsterinsights_skip_tracking":false,"_monsterinsights_sitenote_active":false,"_monsterinsights_sitenote_note":"","_monsterinsights_sitenote_category":0,"footnotes":""},"coauthors":[99],"class_list":["post-24705","page","type-page","status-publish","hentry","user-has-not-earned"],"yoast_head":"<!-- This site is optimized with the Yoast SEO Premium plugin v19.1 (Yoast SEO v27.5) - https:\/\/yoast.com\/product\/yoast-seo-premium-wordpress\/ -->\n<title>Projektpartner | Communicare<\/title>\n<meta name=\"robots\" content=\"index, follow, max-snippet:-1, max-image-preview:large, max-video-preview:-1\" \/>\n<link rel=\"canonical\" href=\"https:\/\/ccare.aegean.gr\/de\/projektpartner\/\" \/>\n<meta property=\"og:locale\" content=\"de_DE\" \/>\n<meta property=\"og:type\" content=\"article\" \/>\n<meta property=\"og:title\" content=\"Projektpartner\" \/>\n<meta property=\"og:description\" content=\"Stuttgart, Deutschland Linz, \u00d6sterreich Ancona, Italien Patras, Griechenland Athen, Griechenland \u00dcber uns 6 Partner in 4 europ\u00e4ischen L\u00e4ndern Duale Hochschule Baden-W\u00fcrttemberg Die Duale Hochschule Baden-W\u00fcrttemberg (DHBW) ist die erste Hochschule in Deutschland, die Praxiserfahrung und Studium verbindet und damit eine enge Verzahnung von Theorie und Praxis, als Komponenten der kooperativen Bildung, erreicht. Mit rund 34.000 [&hellip;]\" \/>\n<meta property=\"og:url\" content=\"https:\/\/ccare.aegean.gr\/de\/projektpartner\/\" \/>\n<meta property=\"og:site_name\" content=\"Communicare\" \/>\n<meta property=\"article:publisher\" content=\"https:\/\/www.facebook.com\/profile.php?id=100065519678321\" \/>\n<meta property=\"article:modified_time\" content=\"2023-04-19T07:53:23+00:00\" \/>\n<meta property=\"og:image\" content=\"https:\/\/simplemaps.com\/static\/demos\/resources\/\/svg-library\/svgs\/europe.svg\" \/>\n<meta name=\"twitter:card\" content=\"summary_large_image\" \/>\n<meta name=\"twitter:label1\" content=\"Gesch\u00e4tzte Lesezeit\" \/>\n\t<meta name=\"twitter:data1\" content=\"4\u00a0Minuten\" \/>\n\t<meta name=\"twitter:label2\" content=\"Written by\" \/>\n\t<meta name=\"twitter:data2\" content=\"gc\" \/>\n<script type=\"application\/ld+json\" class=\"yoast-schema-graph\">{\"@context\":\"https:\\\/\\\/schema.org\",\"@graph\":[{\"@type\":\"WebPage\",\"@id\":\"https:\\\/\\\/ccare.aegean.gr\\\/de\\\/projektpartner\\\/\",\"url\":\"https:\\\/\\\/ccare.aegean.gr\\\/de\\\/projektpartner\\\/\",\"name\":\"Projektpartner | Communicare\",\"isPartOf\":{\"@id\":\"https:\\\/\\\/ccare.aegean.gr\\\/#website\"},\"primaryImageOfPage\":{\"@id\":\"https:\\\/\\\/ccare.aegean.gr\\\/de\\\/projektpartner\\\/#primaryimage\"},\"image\":{\"@id\":\"https:\\\/\\\/ccare.aegean.gr\\\/de\\\/projektpartner\\\/#primaryimage\"},\"thumbnailUrl\":\"https:\\\/\\\/simplemaps.com\\\/static\\\/demos\\\/resources\\\/\\\/svg-library\\\/svgs\\\/europe.svg\",\"datePublished\":\"2022-06-26T17:46:42+00:00\",\"dateModified\":\"2023-04-19T07:53:23+00:00\",\"breadcrumb\":{\"@id\":\"https:\\\/\\\/ccare.aegean.gr\\\/de\\\/projektpartner\\\/#breadcrumb\"},\"inLanguage\":\"de\",\"potentialAction\":[{\"@type\":\"ReadAction\",\"target\":[\"https:\\\/\\\/ccare.aegean.gr\\\/de\\\/projektpartner\\\/\"]}]},{\"@type\":\"ImageObject\",\"inLanguage\":\"de\",\"@id\":\"https:\\\/\\\/ccare.aegean.gr\\\/de\\\/projektpartner\\\/#primaryimage\",\"url\":\"https:\\\/\\\/simplemaps.com\\\/static\\\/demos\\\/resources\\\/\\\/svg-library\\\/svgs\\\/europe.svg\",\"contentUrl\":\"https:\\\/\\\/simplemaps.com\\\/static\\\/demos\\\/resources\\\/\\\/svg-library\\\/svgs\\\/europe.svg\"},{\"@type\":\"BreadcrumbList\",\"@id\":\"https:\\\/\\\/ccare.aegean.gr\\\/de\\\/projektpartner\\\/#breadcrumb\",\"itemListElement\":[{\"@type\":\"ListItem\",\"position\":1,\"name\":\"Home\",\"item\":\"https:\\\/\\\/ccare.aegean.gr\\\/de\\\/\"},{\"@type\":\"ListItem\",\"position\":2,\"name\":\"Projektpartner\"}]},{\"@type\":\"WebSite\",\"@id\":\"https:\\\/\\\/ccare.aegean.gr\\\/#website\",\"url\":\"https:\\\/\\\/ccare.aegean.gr\\\/\",\"name\":\"Communicare\",\"description\":\"Improving communication skills as a tool for caregivers in long term care for elderly\",\"publisher\":{\"@id\":\"https:\\\/\\\/ccare.aegean.gr\\\/#organization\"},\"potentialAction\":[{\"@type\":\"SearchAction\",\"target\":{\"@type\":\"EntryPoint\",\"urlTemplate\":\"https:\\\/\\\/ccare.aegean.gr\\\/?s={search_term_string}\"},\"query-input\":{\"@type\":\"PropertyValueSpecification\",\"valueRequired\":true,\"valueName\":\"search_term_string\"}}],\"inLanguage\":\"de\"},{\"@type\":\"Organization\",\"@id\":\"https:\\\/\\\/ccare.aegean.gr\\\/#organization\",\"name\":\"Communicare\",\"url\":\"https:\\\/\\\/ccare.aegean.gr\\\/\",\"logo\":{\"@type\":\"ImageObject\",\"inLanguage\":\"de\",\"@id\":\"https:\\\/\\\/ccare.aegean.gr\\\/#\\\/schema\\\/logo\\\/image\\\/\",\"url\":\"https:\\\/\\\/ccare.aegean.gr\\\/wp-content\\\/uploads\\\/2022\\\/08\\\/1657625329101001.svg\",\"contentUrl\":\"https:\\\/\\\/ccare.aegean.gr\\\/wp-content\\\/uploads\\\/2022\\\/08\\\/1657625329101001.svg\",\"width\":1,\"height\":1,\"caption\":\"Communicare\"},\"image\":{\"@id\":\"https:\\\/\\\/ccare.aegean.gr\\\/#\\\/schema\\\/logo\\\/image\\\/\"},\"sameAs\":[\"https:\\\/\\\/www.facebook.com\\\/profile.php?id=100065519678321\"]}]}<\/script>\n<!-- \/ Yoast SEO Premium plugin. -->","yoast_head_json":{"title":"Projektpartner | Communicare","robots":{"index":"index","follow":"follow","max-snippet":"max-snippet:-1","max-image-preview":"max-image-preview:large","max-video-preview":"max-video-preview:-1"},"canonical":"https:\/\/ccare.aegean.gr\/de\/projektpartner\/","og_locale":"de_DE","og_type":"article","og_title":"Projektpartner","og_description":"Stuttgart, Deutschland Linz, \u00d6sterreich Ancona, Italien Patras, Griechenland Athen, Griechenland \u00dcber uns 6 Partner in 4 europ\u00e4ischen L\u00e4ndern Duale Hochschule Baden-W\u00fcrttemberg Die Duale Hochschule Baden-W\u00fcrttemberg (DHBW) ist die erste Hochschule in Deutschland, die Praxiserfahrung und Studium verbindet und damit eine enge Verzahnung von Theorie und Praxis, als Komponenten der kooperativen Bildung, erreicht. Mit rund 34.000 [&hellip;]","og_url":"https:\/\/ccare.aegean.gr\/de\/projektpartner\/","og_site_name":"Communicare","article_publisher":"https:\/\/www.facebook.com\/profile.php?id=100065519678321","article_modified_time":"2023-04-19T07:53:23+00:00","og_image":[{"url":"https:\/\/simplemaps.com\/static\/demos\/resources\/\/svg-library\/svgs\/europe.svg","type":"","width":"","height":""}],"twitter_card":"summary_large_image","twitter_misc":{"Gesch\u00e4tzte Lesezeit":"4\u00a0Minuten","Written by":"gc"},"schema":{"@context":"https:\/\/schema.org","@graph":[{"@type":"WebPage","@id":"https:\/\/ccare.aegean.gr\/de\/projektpartner\/","url":"https:\/\/ccare.aegean.gr\/de\/projektpartner\/","name":"Projektpartner | Communicare","isPartOf":{"@id":"https:\/\/ccare.aegean.gr\/#website"},"primaryImageOfPage":{"@id":"https:\/\/ccare.aegean.gr\/de\/projektpartner\/#primaryimage"},"image":{"@id":"https:\/\/ccare.aegean.gr\/de\/projektpartner\/#primaryimage"},"thumbnailUrl":"https:\/\/simplemaps.com\/static\/demos\/resources\/\/svg-library\/svgs\/europe.svg","datePublished":"2022-06-26T17:46:42+00:00","dateModified":"2023-04-19T07:53:23+00:00","breadcrumb":{"@id":"https:\/\/ccare.aegean.gr\/de\/projektpartner\/#breadcrumb"},"inLanguage":"de","potentialAction":[{"@type":"ReadAction","target":["https:\/\/ccare.aegean.gr\/de\/projektpartner\/"]}]},{"@type":"ImageObject","inLanguage":"de","@id":"https:\/\/ccare.aegean.gr\/de\/projektpartner\/#primaryimage","url":"https:\/\/simplemaps.com\/static\/demos\/resources\/\/svg-library\/svgs\/europe.svg","contentUrl":"https:\/\/simplemaps.com\/static\/demos\/resources\/\/svg-library\/svgs\/europe.svg"},{"@type":"BreadcrumbList","@id":"https:\/\/ccare.aegean.gr\/de\/projektpartner\/#breadcrumb","itemListElement":[{"@type":"ListItem","position":1,"name":"Home","item":"https:\/\/ccare.aegean.gr\/de\/"},{"@type":"ListItem","position":2,"name":"Projektpartner"}]},{"@type":"WebSite","@id":"https:\/\/ccare.aegean.gr\/#website","url":"https:\/\/ccare.aegean.gr\/","name":"Communicare","description":"Improving communication skills as a tool for caregivers in long term care for elderly","publisher":{"@id":"https:\/\/ccare.aegean.gr\/#organization"},"potentialAction":[{"@type":"SearchAction","target":{"@type":"EntryPoint","urlTemplate":"https:\/\/ccare.aegean.gr\/?s={search_term_string}"},"query-input":{"@type":"PropertyValueSpecification","valueRequired":true,"valueName":"search_term_string"}}],"inLanguage":"de"},{"@type":"Organization","@id":"https:\/\/ccare.aegean.gr\/#organization","name":"Communicare","url":"https:\/\/ccare.aegean.gr\/","logo":{"@type":"ImageObject","inLanguage":"de","@id":"https:\/\/ccare.aegean.gr\/#\/schema\/logo\/image\/","url":"https:\/\/ccare.aegean.gr\/wp-content\/uploads\/2022\/08\/1657625329101001.svg","contentUrl":"https:\/\/ccare.aegean.gr\/wp-content\/uploads\/2022\/08\/1657625329101001.svg","width":1,"height":1,"caption":"Communicare"},"image":{"@id":"https:\/\/ccare.aegean.gr\/#\/schema\/logo\/image\/"},"sameAs":["https:\/\/www.facebook.com\/profile.php?id=100065519678321"]}]}},"_links":{"self":[{"href":"https:\/\/ccare.aegean.gr\/de\/wp-json\/wp\/v2\/pages\/24705","targetHints":{"allow":["GET"]}}],"collection":[{"href":"https:\/\/ccare.aegean.gr\/de\/wp-json\/wp\/v2\/pages"}],"about":[{"href":"https:\/\/ccare.aegean.gr\/de\/wp-json\/wp\/v2\/types\/page"}],"author":[{"embeddable":true,"href":"https:\/\/ccare.aegean.gr\/de\/wp-json\/wp\/v2\/users\/1"}],"replies":[{"embeddable":true,"href":"https:\/\/ccare.aegean.gr\/de\/wp-json\/wp\/v2\/comments?post=24705"}],"version-history":[{"count":4,"href":"https:\/\/ccare.aegean.gr\/de\/wp-json\/wp\/v2\/pages\/24705\/revisions"}],"predecessor-version":[{"id":27176,"href":"https:\/\/ccare.aegean.gr\/de\/wp-json\/wp\/v2\/pages\/24705\/revisions\/27176"}],"wp:attachment":[{"href":"https:\/\/ccare.aegean.gr\/de\/wp-json\/wp\/v2\/media?parent=24705"}],"wp:term":[{"taxonomy":"author","embeddable":true,"href":"https:\/\/ccare.aegean.gr\/de\/wp-json\/wp\/v2\/coauthors?post=24705"}],"curies":[{"name":"wp","href":"https:\/\/api.w.org\/{rel}","templated":true}]}}